{"id":3,"date":"2025-03-03T13:54:07","date_gmt":"2025-03-03T13:54:07","guid":{"rendered":"https:\/\/hardcore-gates.51-91-120-226.plesk.page\/?page_id=3"},"modified":"2025-05-13T12:43:15","modified_gmt":"2025-05-13T10:43:15","slug":"mentions-legales","status":"publish","type":"page","link":"https:\/\/hardcore-gates.51-91-120-226.plesk.page\/index.php\/mentions-legales\/","title":{"rendered":"Mentions l\u00e9gales"},"content":{"rendered":"<div class=\"wpb-content-wrapper\"><p>[vc_row][vc_column][vc_column_text css=\u00a0\u00bb\u00a0\u00bb]Conform\u00e9ment aux dispositions des Articles 6-III et 19 de la Loi n\u00b02004-575 du 21 juin 2004 pour la Confiance dans l\u2019\u00e9conomie num\u00e9rique, dite L.C.E.N., il est port\u00e9 \u00e0 la connaissance des Utilisateurs du site <a href=\"https:\/\/citedespresents.nievre.fr\/\">citedespresents.nievre.fr<\/a> les pr\u00e9sentes mentions l\u00e9gales.<\/p>\n<p>La connexion et la navigation sur le site <a href=\"https:\/\/citedespresents.nievre.fr\/\">citedespresents.nievre.fr<\/a> par l\u2019Utilisateur implique acceptation int\u00e9grale et sans r\u00e9serve des pr\u00e9sentes mentions l\u00e9gales et politique de confidentialit\u00e9.<\/p>\n<p>Ces derniers sont accessibles sur le site aux rubriques \u00ab Mentions l\u00e9gales et Politique de confidentialit\u00e9 \u00bb<\/p>\n<h3>ARTICLE 1 \u2013 L\u2019\u00e9diteur<\/h3>\n<p>L\u2019\u00e9dition du site <a href=\"https:\/\/citedespresents.nievre.fr\/\">citedespresents.nievre.fr<\/a> est assur\u00e9e par le <a href=\"https:\/\/nievre.fr\">Conseil d\u00e9partemental de la Ni\u00e8vre<\/a>, ci-apr\u00e8s d\u00e9sign\u00e9, \u00ab\u00a0Le D\u00e9partement\u00a0\u00bb\u00a0;<\/p>\n<p>SIREN\u00a0: n\u00b0225800001000012<br \/>\nCode APE\u00a0: 8411Z<br \/>\nAdresse\u00a0: rue de la Pr\u00e9fecture 58039 NEVERS Cedex<br \/>\nT\u00e9l\u00e9phone\u00a0: 03 86 60 67 13<br \/>\nCourriel : <u><a href=\"mailto:contact@nievre.fr\">contact@nievre.fr<\/a><\/u><br \/>\nDirecteur de la publication\u00a0: le Pr\u00e9sident du Conseil d\u00e9partemental de la Ni\u00e8vre en exercice<br \/>\nResponsable du site : Directeur de Cabinet du Pr\u00e9sident du D\u00e9partement de la Ni\u00e8vre en exercice<\/p>\n<h3>ARTICLE 2 \u2013 L\u2019h\u00e9bergeur<\/h3>\n<p>L\u2019h\u00e9bergeur du site <a href=\"https:\/\/citedespresents.nievre.fr\/\">citedespresents.nievre.fr<\/a> est la Soci\u00e9t\u00e9 <a href=\"https:\/\/davi.ai\/\">DAVI<\/a>, localis\u00e9e au 24 rue Jean Mermoz 58640 VARENNES-VAUZELLES.<\/p>\n<h3>ARTICLE 3 \u2013 Acc\u00e8s au site<\/h3>\n<p>Le site est accessible par tout endroit, 7j\/7, 24h\/24 sauf cas de force majeure, interruption programm\u00e9e ou non et pouvant d\u00e9couler d\u2019une n\u00e9cessit\u00e9 de maintenance.<\/p>\n<p>En cas de modification, interruption ou suspension des services le site <a href=\"https:\/\/nievre.fr\/\">citedespresents.nievre.fr<\/a> ne saurait \u00eatre tenu responsable.<\/p>\n<h3><strong>ARTICLE 4 \u2013 Protection et collecte des donn\u00e9es<\/strong><\/h3>\n<h4>Article 4-1 Responsabilit\u00e9<\/h4>\n<p>Le D\u00e9partement est responsable des traitements de donn\u00e9es \u00e0 caract\u00e8re personnel qu\u2019il met en \u0153uvre directement ou indirectement sur son territoire. Il se conforme bien \u00e9videmment aux lois fran\u00e7aises et r\u00e9glementations europ\u00e9ennes applicables, en particulier \u00e0 la loi informatique et libert\u00e9s et au r\u00e8glement g\u00e9n\u00e9ral sur la protection des donn\u00e9es (RGPD).<\/p>\n<p>Conform\u00e9ment aux exigences l\u00e9gales, il s\u2019engage \u00e0 accomplir toutes les formalit\u00e9s n\u00e9cessaires \u00e0 la mise en \u0153uvre des traitements de donn\u00e9es \u00e0 caract\u00e8re personnel.<\/p>\n<h4>Article 4-2 D\u00e9termination des finalit\u00e9s et des destinataires de la collecte de donn\u00e9es<\/h4>\n<p>Le D\u00e9partement d\u00e9termine les finalit\u00e9s pour lesquelles il recueille des donn\u00e9es \u00e0 caract\u00e8re personnel. Ces finalit\u00e9s doivent \u00eatre l\u00e9gitimes, explicites et respecter une dur\u00e9e de vie limit\u00e9e du traitement.<\/p>\n<p>Le D\u00e9partement pr\u00e9cise la destination des donn\u00e9es collect\u00e9es pour chaque traitement.<\/p>\n<p>Le D\u00e9partement s\u2019engage \u00e0 traiter ces donn\u00e9es d\u2019une mani\u00e8re compatible avec les finalit\u00e9s initiales.<\/p>\n<h4>Article 4-3 Principe de l\u00e9galit\u00e9<\/h4>\n<p>Le D\u00e9partement traite les donn\u00e9es selon le cas sur l\u2019un des fondements pr\u00e9vus par le RGPD et notamment : l\u2019obligation l\u00e9gale, la sauvegarde des int\u00e9r\u00eats vitaux, l\u2019ex\u00e9cution d\u2019une mission d\u2019int\u00e9r\u00eat public, l\u2019ex\u00e9cution d\u2019une mission relevant de l\u2019autorit\u00e9 publique, ou le consentement. Le D\u00e9partement ne collecte pas de donn\u00e9es \u00e0 caract\u00e8re personnel \u00e0 l\u2019insu des personnes concern\u00e9es.<\/p>\n<p>Le D\u00e9partement ne collecte pas des donn\u00e9es \u00e0 caract\u00e8re personnel lorsque les personnes concern\u00e9es s\u2019y opposent l\u00e9gitimement.<\/p>\n<p>Le D\u00e9partement fournit aux personnes concern\u00e9es, aupr\u00e8s desquelles il recueille leurs donn\u00e9es \u00e0 caract\u00e8re personnel, les informations sur la finalit\u00e9 du traitement, l\u2019identit\u00e9 du responsable du traitement et sur l\u2019\u00e9tendue de leurs droits.<\/p>\n<p>Le D\u00e9partement s\u2019engage \u00e0 traiter les donn\u00e9es \u00e0 caract\u00e8re personnel des mineurs lorsque la r\u00e9glementation le lui permet ou par l\u2019interm\u00e9diaire d\u2019une personne exer\u00e7ant l\u2019autorit\u00e9 parentale.<\/p>\n<h4>Article 4-4 Limitation de la collecte de donn\u00e9es<\/h4>\n<p>Le D\u00e9partement s\u2019engage \u00e0 ne collecter que les donn\u00e9es \u00e0 caract\u00e8re personnel strictement n\u00e9cessaires \u00e0 la r\u00e9alisation de ses missions et \u00e0 la gestion des dossiers administratifs, tout en respectant les finalit\u00e9s vis\u00e9es.<\/p>\n<p>Le D\u00e9partement s\u2019engage \u00e0 collecter et mettre \u00e0 jour des donn\u00e9es ad\u00e9quates, pertinentes et limit\u00e9es \u00e0 ce qui est n\u00e9cessaire.<\/p>\n<h4>Article 4-5 Limitation de la conservation des donn\u00e9es<\/h4>\n<p>Les dur\u00e9es de conservation ne doivent pas exc\u00e9der celles n\u00e9cessaires \u00e0 l\u2019atteinte des finalit\u00e9s vis\u00e9es. Seules sont conserv\u00e9es les donn\u00e9es soumises \u00e0 une obligation l\u00e9gale ou celles pour lesquelles le consentement explicite de l\u2019usager est n\u00e9cessaire.<\/p>\n<h4>Article 4-6 S\u00e9curit\u00e9 des donn\u00e9es<\/h4>\n<p>Le D\u00e9partement met en \u0153uvre les moyens n\u00e9cessaires de fa\u00e7on \u00e0 garantir une s\u00e9curit\u00e9 appropri\u00e9e des donn\u00e9es \u00e0 caract\u00e8re personnel, y compris la protection contre le traitement non autoris\u00e9 ou illicite et contre la perte, la destruction ou les d\u00e9g\u00e2ts d\u2019origine accidentelle, \u00e0 l\u2019aide de mesures techniques ou organisationnelles appropri\u00e9es (int\u00e9grit\u00e9 et confidentialit\u00e9).<\/p>\n<p>Le D\u00e9partement met en \u0153uvre les mesures techniques et organisationnelles appropri\u00e9es pour garantir que, par d\u00e9faut, seules les donn\u00e9es \u00e0 caract\u00e8re personnel qui sont n\u00e9cessaires au regard de chaque finalit\u00e9 sp\u00e9cifique du traitement sont trait\u00e9es.<\/p>\n<p>Le D\u00e9partement d\u00e9termine et met en \u0153uvre des mesures de s\u00e9curit\u00e9 permettant de garantir la confidentialit\u00e9 des donn\u00e9es.<\/p>\n<p>Le D\u00e9partement exige de ses sous-traitants qu\u2019ils pr\u00e9sentent des garanties suffisantes pour assurer la s\u00e9curit\u00e9 et la confidentialit\u00e9 des donn\u00e9es \u00e0 caract\u00e8re personnel.<\/p>\n<p>Le D\u00e9partement s\u2019engage \u00e0 notifier l\u2019autorit\u00e9 de contr\u00f4le et la personne concern\u00e9e en cas de violation de donn\u00e9es \u00e0 caract\u00e8re personnel, 72 heures au plus tard apr\u00e8s en avoir pris connaissance, dans les conditions pr\u00e9vues par le RGPD.<\/p>\n<h4>Article 4-7 Droit d\u2019acc\u00e8s aux donn\u00e9es<\/h4>\n<p>Le D\u00e9partement facilite l\u2019exercice des droits, conf\u00e9r\u00e9s \u00e0 la personne concern\u00e9e. Le D\u00e9partement garantit aux usagers l\u2019acc\u00e8s aux donn\u00e9es \u00e0 caract\u00e8re personnel les concernant lorsqu\u2019ils en font la demande dans la limite ou cela ne porte pas atteinte aux droits et libert\u00e9s d\u2019autrui.<\/p>\n<p>Le D\u00e9partement assure aux personnes concern\u00e9es le respect des droits d\u2019acc\u00e8s, des droits de rectification, droits \u00e0 l\u2019effacement, droits \u00e0 la limitation , droits \u00e0 la portabilit\u00e9, droits d\u2019opposition, droits de ne pas faire l\u2019objet d\u2019une d\u00e9cision fond\u00e9e exclusivement sur un traitement automatis\u00e9.<\/p>\n<p>Le D\u00e9partement s\u2019engage \u00e0 r\u00e9pondre \u00e0 toute demande d\u2019exercice de droits dans le d\u00e9lai l\u00e9gal en vigueur de un (1) mois. Ce d\u00e9lai peut \u00eatre prolong\u00e9 de deux (2) mois compte tenu de la complexit\u00e9 et du nombre de demandes.\u00a0Les informations sont fournies par \u00e9crit ou par voie \u00e9lectronique.<\/p>\n<p>Le D\u00e9partement rappelle aux usagers qu\u2019il est possible d\u2019introduire une r\u00e9clamation aupr\u00e8s de l\u2019autorit\u00e9 de contr\u00f4le : CNIL 3, place Fontenoy \u2013 TSA 80715 \u2013 75334 PARIS CEDEX 07<\/p>\n<h4>Article 4-8 Information et mise en \u0153uvre de la politique de traitement des donn\u00e9es<\/h4>\n<p>Le D\u00e9partement informe ses usagers de fa\u00e7on concise, transparente, compr\u00e9hensible, en des termes clairs et simples, de l\u2019existence de la politique de traitement des donn\u00e9es \u00e0 caract\u00e8re personnel et des principes respect\u00e9s.<\/p>\n<p>Le D\u00e9partement d\u00e9termine et met en \u0153uvre l\u2019ensemble des mesures op\u00e9rationnelles utiles et n\u00e9cessaires pour permettre \u00e0 ses services d\u2019appliquer les principes de la politique de gestion des donn\u00e9es \u00e0 caract\u00e8re personnel.<\/p>\n<h4>Article 4-9 Gouvernance de la politique des donn\u00e9es<\/h4>\n<p>Le D\u00e9partement s\u2019engage \u00e0 tenir \u00e0 jour l\u2019inventaire de l\u2019ensemble des traitements de donn\u00e9es \u00e0 caract\u00e8re personnel.<\/p>\n<p>Le D\u00e9partement s\u2019engage \u00e0 se mettre en conformit\u00e9 tout au long du cycle de vie du traitement de donn\u00e9e \u00e0 caract\u00e8re personnel.<\/p>\n<p>Le D\u00e9partement s\u2019engage \u00e0 assurer une sensibilisation r\u00e9guli\u00e8re de ses agents \u00e0 la gestion des donn\u00e9es \u00e0 caract\u00e8re personnel.<\/p>\n<h4>Article 4-10 Respect des principes \u00e9nonc\u00e9s<\/h4>\n<p>Le D\u00e9partement a nomm\u00e9 un d\u00e9l\u00e9gu\u00e9 \u00e0 la protection des donn\u00e9es qui veille au respect des r\u00e8gles en mati\u00e8re de collecte et de traitement de donn\u00e9es \u00e0 caract\u00e8re personnel \u00e9nonc\u00e9es dans le pr\u00e9sent document.<\/p>\n<p>Toute personne doit pouvoir saisir le d\u00e9l\u00e9gu\u00e9 \u00e0 la protection des donn\u00e9es sur les principes \u00e9nonc\u00e9s ci-dessus.<\/p>\n<p>Le d\u00e9l\u00e9gu\u00e9 \u00e0 la protection des donn\u00e9es est joignable \u00e0 l\u2019adresse courriel suivante\u00a0: <u><a href=\"mailto:protection.donnees@nievre.fr\">protection.donnees@nievre.fr<\/a><\/u><\/p>\n<p>Adresse postale :<\/p>\n<p>Conseil d\u00e9partemental de la Ni\u00e8vre<br \/>\n\u00c0 l\u2019attention du D\u00e9l\u00e9gu\u00e9 \u00e0 la Protection des Donn\u00e9es<br \/>\nRue de la Pr\u00e9fecture<br \/>\n58\u00a0039 NEVERS Cedex<\/p>\n<h3>ARTICLE 5 \u2013 Cookies<\/h3>\n<p>L\u2019Utilisateur est inform\u00e9 que lors de ses visites sur le site, un cookie peut s\u2019installer automatiquement sur son logiciel de navigation. Un cookie (ou t\u00e9moin de connexion) est un petit fichier texte que les sites web sauvegardent sur votre ordinateur ou appareil mobile lorsque vous les consultez. En naviguant sur le site, il les accepte.<\/p>\n<p>Un cookie est un \u00e9l\u00e9ment qui ne permet pas d\u2019identifier l\u2019Utilisateur mais sert \u00e0 enregistrer des informations relatives \u00e0 la navigation de celui-ci sur le site Internet. L\u2019Utilisateur pourra d\u00e9sactiver ce cookie par l\u2019interm\u00e9diaire des param\u00e8tres figurant au sein de son logiciel de navigation.<\/p>\n<h3>ARTICLE 6 \u2013 Propri\u00e9t\u00e9 intellectuelle<\/h3>\n<p>L\u2019information communiqu\u00e9e sur ce site est pr\u00e9sent\u00e9e \u00e0 titre indicatif. Malgr\u00e9 les mises \u00e0 jour du contenu du site, le D\u00e9partement ne peut \u00eatre tenu pour responsable de la modification des dispositions administratives et juridiques survenant apr\u00e8s la publication.<\/p>\n<p>Le D\u00e9partement d\u00e9gage toute responsabilit\u00e9 concernant les liens cr\u00e9\u00e9s par d\u2019autres sites vers ses propres sites. L\u2019existence de tels liens ne peut permettre d\u2019induire que le D\u00e9partement cautionne ces sites ou qu\u2019elle en approuve le contenu.<\/p>\n<p>Le site, ainsi que chacun des \u00e9l\u00e9ments qui le compose, notamment \u00e9l\u00e9ments \u00e9ditoriaux, graphiques, photographiques, sonores et vid\u00e9os, sont la propri\u00e9t\u00e9 exclusive du D\u00e9partement ou de tiers ayant autoris\u00e9 le D\u00e9partement \u00e0 les utiliser.<\/p>\n<p>Toute reproduction, totale ou partielle, du site et de son contenu, sans autorisation expresse et pr\u00e9alable du D\u00e9partement, est interdite et constitue un acte de contrefa\u00e7on sanctionn\u00e9e par les articles L.335-2 et suivants du Code de la propri\u00e9t\u00e9 intellectuelle.<\/p>\n<p>Sur demande expresse et pr\u00e9alable aupr\u00e8s du D\u00e9partement, le directeur de la publication, peut autoriser ou refuser la r\u00e9utilisation de contenus pr\u00e9sents sur son site ou orienter vers les titulaires des droits de propri\u00e9t\u00e9 intellectuelle (droit d\u2019auteur, droit \u00e0 titre de marque\u2026) ou de droit \u00e0 l\u2019image.<\/p>\n<h3>ARTICLE 7 \u2013 Droit applicable<\/h3>\n<p>Tout litige en relation avec l\u2019utilisation du site <a href=\"https:\/\/citedespresents.nievre.fr\/\">https:\/\/www.citedespresents.nievre.fr<\/a> est soumis au droit fran\u00e7ais.<\/p>\n<p><strong>\u00a0<\/strong><\/p>\n<p>En vigueur au 10\/05\/2025[\/vc_column_text][\/vc_column][\/vc_row]<\/p>\n<\/div>","protected":false},"excerpt":{"rendered":"<p>[vc_row][vc_column][vc_column_text css=\u00a0\u00bb\u00a0\u00bb]Conform\u00e9ment aux dispositions des Articles 6-III et 19 de la Loi n\u00b02004-575 du 21 juin 2004 pour la Confiance dans l\u2019\u00e9conomie num\u00e9rique, dite L.C.E.N., il est port\u00e9 \u00e0 la connaissance des Utilisateurs du site citedespresents.nievre.fr les pr\u00e9sentes mentions l\u00e9gales. La connexion et la navigation sur le site citedespresents.nievre.fr par l\u2019Utilisateur implique acceptation int\u00e9grale et&hellip;<\/p>\n","protected":false},"author":1,"featured_media":0,"parent":0,"menu_order":0,"comment_status":"closed","ping_status":"open","template":"","meta":{"footnotes":""},"class_list":["post-3","page","type-page","status-publish","hentry","description-off"],"_links":{"self":[{"href":"https:\/\/hardcore-gates.51-91-120-226.plesk.page\/index.php\/wp-json\/wp\/v2\/pages\/3","targetHints":{"allow":["GET"]}}],"collection":[{"href":"https:\/\/hardcore-gates.51-91-120-226.plesk.page\/index.php\/wp-json\/wp\/v2\/pages"}],"about":[{"href":"https:\/\/hardcore-gates.51-91-120-226.plesk.page\/index.php\/wp-json\/wp\/v2\/types\/page"}],"author":[{"embeddable":true,"href":"https:\/\/hardcore-gates.51-91-120-226.plesk.page\/index.php\/wp-json\/wp\/v2\/users\/1"}],"replies":[{"embeddable":true,"href":"https:\/\/hardcore-gates.51-91-120-226.plesk.page\/index.php\/wp-json\/wp\/v2\/comments?post=3"}],"version-history":[{"count":4,"href":"https:\/\/hardcore-gates.51-91-120-226.plesk.page\/index.php\/wp-json\/wp\/v2\/pages\/3\/revisions"}],"predecessor-version":[{"id":126,"href":"https:\/\/hardcore-gates.51-91-120-226.plesk.page\/index.php\/wp-json\/wp\/v2\/pages\/3\/revisions\/126"}],"wp:attachment":[{"href":"https:\/\/hardcore-gates.51-91-120-226.plesk.page\/index.php\/wp-json\/wp\/v2\/media?parent=3"}],"curies":[{"name":"wp","href":"https:\/\/api.w.org\/{rel}","templated":true}]}}